{"version":"1.0","provider_name":"SIAU - SINDICAT INDEPENDENT, AUT\u00d2NOM I UNITARI","provider_url":"https:\/\/www.siau.cat","author_name":"admin","author_url":"https:\/\/www.siau.cat\/index.php\/author\/admin\/","title":"La Conselleria d'Educaci\u00f3 susp\u00e8n en infraestructures &#8212; SIAU - SINDICAT INDEPENDENT, AUT\u00d2NOM I UNITARI","type":"rich","width":600,"height":338,"html":"<blockquote class=\"wp-embedded-content\" data-secret=\"xi8EfyRmxw\"><a href=\"https:\/\/www.siau.cat\/index.php\/2023\/05\/22\/la-conselleria-deducacio-suspen-en-infraestructures\/\">La Conselleria d&#8217;Educaci\u00f3 susp\u00e8n en infraestructures<\/a><\/blockquote><iframe sandbox=\"allow-scripts\" security=\"restricted\" src=\"https:\/\/www.siau.cat\/index.php\/2023\/05\/22\/la-conselleria-deducacio-suspen-en-infraestructures\/embed\/#?secret=xi8EfyRmxw\" width=\"600\" height=\"338\" title=\"&#8220;La Conselleria d&#8217;Educaci\u00f3 susp\u00e8n en infraestructures&#8221; &#8212; SIAU - SINDICAT INDEPENDENT, AUT\u00d2NOM I UNITARI\" data-secret=\"xi8EfyRmxw\" frameborder=\"0\" marginwidth=\"0\" marginheight=\"0\" scrolling=\"no\" class=\"wp-embedded-content\"><\/iframe><script>\n\/*! This file is auto-generated *\/\n!function(d,l){\"use strict\";l.querySelector&&d.addEventListener&&\"undefined\"!=typeof URL&&(d.wp=d.wp||{},d.wp.receiveEmbedMessage||(d.wp.receiveEmbedMessage=function(e){var t=e.data;if((t||t.secret||t.message||t.value)&&!\/[^a-zA-Z0-9]\/.test(t.secret)){for(var s,r,n,a=l.querySelectorAll('iframe[data-secret=\"'+t.secret+'\"]'),o=l.querySelectorAll('blockquote[data-secret=\"'+t.secret+'\"]'),c=new RegExp(\"^https?:$\",\"i\"),i=0;i<o.length;i++)o[i].style.display=\"none\";for(i=0;i<a.length;i++)s=a[i],e.source===s.contentWindow&&(s.removeAttribute(\"style\"),\"height\"===t.message?(1e3<(r=parseInt(t.value,10))?r=1e3:~~r<200&&(r=200),s.height=r):\"link\"===t.message&&(r=new URL(s.getAttribute(\"src\")),n=new URL(t.value),c.test(n.protocol))&&n.host===r.host&&l.activeElement===s&&(d.top.location.href=t.value))}},d.addEventListener(\"message\",d.wp.receiveEmbedMessage,!1),l.addEventListener(\"DOMContentLoaded\",function(){for(var e,t,s=l.querySelectorAll(\"iframe.wp-embedded-content\"),r=0;r<s.length;r++)(t=(e=s[r]).getAttribute(\"data-secret\"))||(t=Math.random().toString(36).substring(2,12),e.src+=\"#?secret=\"+t,e.setAttribute(\"data-secret\",t)),e.contentWindow.postMessage({message:\"ready\",secret:t},\"*\")},!1)))}(window,document);\n\/\/# sourceURL=https:\/\/www.siau.cat\/wp-includes\/js\/wp-embed.min.js\n<\/script>\n","description":"Fa m\u00e9s de trenta anys que l\u2019Associaci\u00f3 de Pares i Mares de l\u2019escola de Son Ferriol demana que es construeixi l\u2019IES Son Ferriol, ja que l\u2019alumnat que finalitza Prim\u00e0ria s\u2019ha d\u2019acabar despla\u00e7ant a instituts que no queden a prop. Com diu la presidenta de l\u2019APIMA del CEIP Son Ferriol: \u00abEstam cansats de promeses i reunions\u00bb. &hellip; Continua llegint \u00ab\u00bb","thumbnail_url":"https:\/\/www.siau.cat\/wp-content\/uploads\/2023\/05\/Infraestructures-que-no-arriben-1024x576.png"}