{"id":3,"date":"2022-03-19T17:13:51","date_gmt":"2022-03-19T17:13:51","guid":{"rendered":"https:\/\/www.siau.cat\/?page_id=3"},"modified":"2023-09-22T11:06:12","modified_gmt":"2023-09-22T11:06:12","slug":"politicadeprivadesa","status":"publish","type":"page","link":"https:\/\/www.siau.cat\/index.php\/blog\/politicadeprivadesa\/","title":{"rendered":"Pol\u00edtica de privadesa"},"content":{"rendered":"\n<p class=\"has-text-align-justify\">Sindicat Independent, Aut\u00f2nom i Unitari (SIAU) vol oferir-te seguretat i confian\u00e7a amb relaci\u00f3 al tractament de les teves dades personals. Per aix\u00f2 hem implementat la present <strong>pol\u00edtica de privadesa<\/strong>, que compleix amb els par\u00e0metres i mesures de seguretat, tant t\u00e8cniques com organitzatives, recollides al <strong>Reglament Europeu 679\/2016, de 27 d\u2019abril, relatiu a la protecci\u00f3 de dades de les persones f\u00edsiques <\/strong>i a la<strong> Llei Org\u00e0nica 3\/2018, de 5 de desembre, de Protecci\u00f3 de Dades Personals i garantia dels drets digitals<\/strong> pel que fa <strong>al tractament de les teves dades personals i la seva utilitzaci\u00f3<\/strong>. El nostre objectiu \u00e9s garantir la teva privacitat i ser transparents en l\u2019\u00fas de les teves dades.<\/p>\n\n\n\n<p class=\"has-text-align-justify\">En aquesta <strong>pol\u00edtica de privadesa<\/strong> volem aprofitar tamb\u00e9 per informar-te sobre com tractarem les teves dades i que les demanem amb finalitats relacionades amb l&#8217;enviament de comunicacions electr\u00f2niques i correu postal.<\/p>\n\n\n\n<p class=\"has-text-align-justify\"><strong>1. Qui \u00e9s el responsable del lloc web www.siau.cat, de les bases de dades i el responsable d\u2019aquesta pol\u00edtica de privadesa.<\/strong><\/p>\n\n\n\n<p>El responsable \u00e9s <strong>Sindicat Independent, Aut\u00f2nom i Unitari (SIAU)<\/strong>.<\/p>\n\n\n\n<p>\u2022 Domicili: carrer del Ter, 27, 1a planta esquerra, oficina 8-9, 07009 Palma, Illes Balears.<\/p>\n\n\n\n<p>\u2022 Tel\u00e8fon: 623 58 66 44.<\/p>\n\n\n\n<p>\u2022 Correu electr\u00f2nic: <em>siau@siau.cat<\/em><\/p>\n\n\n\n<p class=\"has-text-align-justify\">\u2022 Inscrit al Registre de la Direcci\u00f3 General de Treball i Salut Laboral, Conselleria de Model Econ\u00f2mic, Turisme i Treball, el dia 11 de mar\u00e7 de 2022, amb el codi d\u2019inscripci\u00f3 07100050.<\/p>\n\n\n\n<p><strong>2. Enviament i registre de dades de car\u00e0cter personal<\/strong><\/p>\n\n\n\n<p class=\"has-text-align-justify\">L&#8217;enviament de dades de car\u00e0cter personal \u00e9s obligatori per contactar i rebre informaci\u00f3 sobre els serveis prestats per Sindicat Independent, Aut\u00f2nom i Unitari (SIAU). Aix\u00ed mateix, el no facilitar les dades personals sol\u00b7licitades o el no acceptar la present pol\u00edtica de protecci\u00f3 de dades suposa la impossibilitat de subscriure&#8217;s, registrar-se o rebre informaci\u00f3 d&#8217;aquests serveis.<\/p>\n\n\n\n<p class=\"has-text-align-justify\">Quan les dades de car\u00e0cter personal siguin obtingudes de la persona usu\u00e0ria a trav\u00e9s de xarxes de comunicacions electr\u00f2niques o en el marc de la prestaci\u00f3 d&#8217;un servei de la societat de la informaci\u00f3, aix\u00ed com en aquells altres sup\u00f2sits expressament establerts per la llei o quan aix\u00ed ho autoritzi l&#8217;Ag\u00e8ncia Espanyola de Protecci\u00f3 de Dades, el responsable del tractament podr\u00e0 donar compliment al deure d&#8217;informaci\u00f3 que estableix l&#8217;article 13 del Reglament (UE) 2016\/679 facilitant a la persona afectada almenys la informaci\u00f3 b\u00e0sica seg\u00fcent:<\/p>\n\n\n\n<p>\u2022 La identitat del responsable del tractament i del seu representant, si escau.<\/p>\n\n\n\n<p>\u2022 La finalitat del tractament.<\/p>\n\n\n\n<p>\u2022 La manera en qu\u00e8 l&#8217;afectat podr\u00e0 exercir els drets que estableixen els articles 15 a 22 del Reglament (UE) 2016\/679.<\/p>\n\n\n\n<p class=\"has-text-align-justify\">Tanmateix, els responsables i encarregats del tractament o, si s&#8217;escau, els seus representants hauran de mantenir el registre d&#8217;activitats de tractament a qu\u00e8 es refereix l&#8217;article 30 del Reglament (UE) 2016\/679, llevat que la empresa o organitzaci\u00f3 ocupi menys de 250 persones, amb l&#8217;excepci\u00f3 que el tractament que realitzi pugui comportar un risc per als drets i llibertats de les persones interessades, no sigui ocasional, o inclogui categories especials de dades personals indicades en l&#8217;article 9, apartat 1, o dades personals relatives a condemnes i infraccions penals a qu\u00e8 es refereix l&#8217;article 10 del Reglament (UE) 2016\/679. Finalment, l&#8217;article 5.1.f) del Reglament (UE) 2016\/679 determina la necessitat d&#8217;establir garanties de seguretat adequades contra el tractament no autoritzat o il\u00b7l\u00edcit, contra la p\u00e8rdua de les dades personals, la destrucci\u00f3 o el dany accidental. Aix\u00f2 implica l&#8217;establiment de mesures t\u00e8cniques i organitzatives encaminades a assegurar la integritat i confidencialitat de les dades personals i la possibilitat (article 5.2) de demostrar que aquestes mesures s&#8217;han portat a la pr\u00e0ctica (responsabilitat proactiva).&nbsp;<\/p>\n\n\n\n<p><strong>3. Quines dades recollim?<\/strong><\/p>\n\n\n\n<p class=\"has-text-align-justify\">De forma presencial o a trav\u00e9s del nostre web, correu electr\u00f2nic i correu postal recollim dades de contacte de personal del sector de l\u2019ensenyament per tal de facilitar informaci\u00f3 del Sindicat i sobre les condicions de treball dels diferents col\u00b7lectius i nivells educatius, que oferim mitjan\u00e7ant el lloc web o altres mitjans, com el correu electr\u00f2nic o postal i les xarxes socials.<\/p>\n\n\n\n<p><strong>4. On recollim les teves dades personals?<\/strong><\/p>\n\n\n\n<p>Gestionem les dades a trav\u00e9s del nostre correu electr\u00f2nic <em>siau@siau.cat<\/em>.<\/p>\n\n\n\n<p class=\"has-text-align-justify\">Pots escriure&#8217;ns a aquest correu per requerir-nos la informaci\u00f3 que consideris necess\u00e0ria per aclarir els dubtes relacionats amb el tractament de les teves dades per part del Sindicat.<\/p>\n\n\n\n<p>a. A l\u2019apartat del nostre web <em>Afilia\u2019t<\/em><\/p>\n\n\n\n<p class=\"has-text-align-justify\">Per aquest canal recollim les dades identificatives per tal d\u2019inscriure la persona que sol\u00b7licita l\u2019afiliaci\u00f3 al sindicat.<\/p>\n\n\n\n<p>b. Mitjan\u00e7ant el formulari d\u2019afiliaci\u00f3 en paper<\/p>\n\n\n\n<p class=\"has-text-align-justify\">Per aquest canal recollim les dades identificatives per tal d\u2019inscriure la persona que sol\u00b7licita l\u2019afiliaci\u00f3 al sindicat.<\/p>\n\n\n\n<p>c. Mitjan\u00e7ant formularis de contacte<\/p>\n\n\n\n<p class=\"has-text-align-justify\">Als formularis de contacte, en qu\u00e8 haur\u00e0s d\u2019omplir un seguit de camps per a identificar-te, recollirem la informaci\u00f3 necess\u00e0ria perqu\u00e8 donis el consentiment a la pol\u00edtica de privadesa de Sindicat Independent, Aut\u00f2nom i Unitari (SIAU).<\/p>\n\n\n\n<p class=\"has-text-align-justify\">d. Mitjan\u00e7ant formularis d\u2019inscripci\u00f3 d\u2019activitats, xerrades i actes organitzats per Sindicat Independent, Aut\u00f2nom i Unitari (SIAU)<\/p>\n\n\n\n<p class=\"has-text-align-justify\">A aquests formularis recollim tamb\u00e9 les dades necess\u00e0ries perqu\u00e8 et puguem inscriure en aquestes activitats.<\/p>\n\n\n\n<p>e. A trav\u00e9s de les xarxes socials<\/p>\n\n\n\n<p class=\"has-text-align-justify\">Podrem recollir les teves dades a partir del teu perfil d&#8217;usuari\/\u00e0ria en les xarxes socials que Sindicat Independent, Aut\u00f2nom i Unitari (SIAU) utilitza i que estan detallades a la pol\u00edtica de privadesa de les xarxes socials.<\/p>\n\n\n\n<p class=\"has-text-align-justify\">f. Mitjan\u00e7ant dades de concursos p\u00fablics que compten amb resoluci\u00f3 de la seva publicaci\u00f3 o similars<\/p>\n\n\n\n<p class=\"has-text-align-justify\">Com a principi constitucional d&#8217;actuaci\u00f3 de les administracions p\u00fabliques, la transpar\u00e8ncia les obliga a informar les persones interessades per protegir el seu dret de reclamaci\u00f3 i recurs per a l&#8217;obtenci\u00f3 de llocs de treball p\u00fablics. Sindicat Independent, Aut\u00f2nom i Unitari (SIAU) creu fermament en el principi d&#8217;objectivitat de la funci\u00f3 p\u00fablica i facilitar\u00e0 informacions p\u00fabliques de les administracions p\u00fabliques sense proporcionar-ne la identificaci\u00f3 personal.<\/p>\n\n\n\n<p>g. Dades aportades per la Conselleria d\u2019Educaci\u00f3 i Formaci\u00f3 Professional&nbsp;<\/p>\n\n\n\n<p class=\"has-text-align-justify\">L&#8217;Administraci\u00f3 ens pot facilitar dades del personal. Aix\u00ed mateix podem obtenir dades&nbsp; mitjan\u00e7ant la petici\u00f3 a la Conselleria d\u2019Educaci\u00f3 i Formaci\u00f3 Professional, conforme a la Llei 19\/2013, de 9 de desembre, de transpar\u00e8ncia, acc\u00e9s a la informaci\u00f3 p\u00fablica i bon govern.<\/p>\n\n\n\n<p><strong>5. Quin \u00e9s l\u2019objectiu o finalitat de la recollida de dades?<\/strong><\/p>\n\n\n\n<p class=\"has-text-align-justify\">La finalitat de la recollida de dades en tots els apartats esmentats en el punt anterior \u00e9s mantenir un contacte directe i personalitzat amb les persones usu\u00e0ries dels serveis del sindicat, \u00e9s a dir, les nostres afiliades i afiliats i tamb\u00e9 la resta de persones interessades a rebre informaci\u00f3 del sindicat i sobre condicions de treball. Farem servir les teves dades tant per atendre els teus dubtes com per proporcionar-te la informaci\u00f3 que ens hagis requerit sobre les activitats del sindicat i condicions de treball, gestionant les teves sol\u00b7licituds amb el m\u00e0xim de garanties de protecci\u00f3 de les dades personals.<\/p>\n\n\n\n<p class=\"has-text-align-justify\">Utilitzarem l\u2019adre\u00e7a de correu electr\u00f2nic des del qual ens escriguis al nostre correu (o el que tu designis) per remetre\u2019t informaci\u00f3 relacionada amb els dubtes o inquietuds que ens hagis plantejat o per fer o ajudar-te amb els tr\u00e0mits que necessitis.<\/p>\n\n\n\n<p class=\"has-text-align-justify\">En cap cas rebr\u00e0s informaci\u00f3 de tercers sense haver-te\u2019n informat ni haver-te\u2019n sol\u00b7licitat el consentiment expr\u00e9s pr\u00e8viament. D\u2019aquesta manera vetllarem per complir la normativa europea.<\/p>\n\n\n\n<p class=\"has-text-align-justify\">Aix\u00ed mateix, t\u2019informem que les teves dades personals no seran segmentades ni utilitzades amb altres finalitats que no siguin la simple informaci\u00f3 dels serveis i les activitats que ofereix Sindicat Independent, Aut\u00f2nom i Unitari (SIAU) i que pretenem que et siguin \u00fatils.<\/p>\n\n\n\n<p class=\"has-text-align-justify\">\u00danicament per a les gestions derivades del cobrament de les quotes sindicals es compartiran les teves dades amb l\u2019entitat banc\u00e0ria corresponent.<\/p>\n\n\n\n<p class=\"has-text-align-justify\">Finalment, volem remarcar que al nostre web no hi ha cap enlla\u00e7 que permeti la comunicaci\u00f3 de les teves dades a qualsevol altra entitat o empresa.<\/p>\n\n\n\n<p><strong>6. \u00das de les teves dades personals<\/strong><\/p>\n\n\n\n<p class=\"has-text-align-justify\">Sindicat Independent, Aut\u00f2nom i Unitari (SIAU) comunica a la seva afiliaci\u00f3 i a la resta de persones usu\u00e0ries dels serveis del sindicat que les dades personals que ens facilitin seran tractades per a les <strong>finalitats previstes<\/strong> a continuaci\u00f3:<\/p>\n\n\n\n<ul class=\"wp-block-list\">\n<li>Atendre i <strong>resoldre les sol\u00b7licituds o dubtes requerits<\/strong> tant de les afiliades i afiliats com tamb\u00e9 de la resta de persones usu\u00e0ries.<\/li>\n\n\n\n<li>Procedir al <strong>suport en els tr\u00e0mits d\u2019altes, modificacions, baixes i consultes de les<\/strong> afiliades i afiliats, aix\u00ed com gestionar el pagament de les quotes sindicals i la generaci\u00f3 de rebuts sindicals.<\/li>\n\n\n\n<li>Informar de <strong>les activitats de Sindicat Independent, Aut\u00f2nom i Unitari (SIAU)<\/strong> i de les condicions de treball.<\/li>\n\n\n\n<li>Enviar <strong>informacions que<\/strong>, amb relaci\u00f3 als seus sectors i les seves condicions administratives i laborals, <strong>es consideri que puguin ser d&#8217;inter\u00e8s<\/strong> per a l&#8217;afiliaci\u00f3 i per a la resta de persones usu\u00e0ries.<\/li>\n\n\n\n<li>Permetre l&#8217;<strong>acc\u00e9s a les opcions que requereixin registrar-se<\/strong>. En aquest cas, les afiliades i afiliats i la resta de persones usu\u00e0ries hauran d\u2019acceptar, si aix\u00ed ho consideren, les condicions de registre que s&#8217;estableixin.<\/li>\n\n\n\n<li>Efectuar <strong>l&#8217;enviament de butlletins informatius, informacions puntuals, convocat\u00f2ries o campanyes del sindicat<\/strong> als nostres afiliats i afiliades, aix\u00ed com a la resta de persones usu\u00e0ries.<\/li>\n<\/ul>\n\n\n\n<p><\/p>\n\n\n\n<p class=\"has-text-align-justify\"><strong>Informar les afiliades i afiliats i usuaris\/\u00e0ries en general sobre l\u2019\u00fas de les seves dades de que aquestes<\/strong>: (I) no es faran servir amb altres fins que no siguin els de dur a terme el tractament que en el seu moment va consentir expressament o el que estableix la present pol\u00edtica de privadesa; (II) es desaran en servidors adequadament protegits.<\/p>\n\n\n\n<p class=\"has-text-align-justify\">Advertir-te que <strong>la informaci\u00f3 que facilitis a trav\u00e9s de les xarxes socials pot revelar dades, o permetre que altres les dedueixin<\/strong>, com ara la teva nacionalitat, \u00e8tnia, sexe, edat o altres aspectes de la teva vida privada.<\/p>\n\n\n\n<p class=\"has-text-align-justify\">Sindicat Independent, Aut\u00f2nom i Unitari (SIAU) podr\u00e0 tractar les teves dades de manera totalment an\u00f2nima per tal de <strong>realitzar estudis estad\u00edstics <\/strong>sobre el sector educatiu o l\u2019afiliaci\u00f3.<\/p>\n\n\n\n<p class=\"has-text-align-justify\">Per tot aix\u00f2, en facilitar les teves dades personals de manera totalment volunt\u00e0ria a trav\u00e9s de qualsevol dels nostres mitjans de contacte i informaci\u00f3, les <strong>usu\u00e0ries i els usuaris estan acceptant expressament i volunt\u00e0riament aquesta pol\u00edtica de privadesa i de protecci\u00f3 de dades de car\u00e0cter personal.<\/strong><\/p>\n\n\n\n<p><strong>7. Exactitud i veracitat de les dades facilitades<\/strong><\/p>\n\n\n\n<p class=\"has-text-align-justify\">La persona usu\u00e0ria que envia la informaci\u00f3 a Sindicat Independent, Aut\u00f2nom i Unitari (SIAU) \u00e9s l&#8217;\u00fanica responsable de la veracitat i correcci\u00f3 de les dades incloses, exonerant-se Sindicat Independent, Aut\u00f2nom i Unitari (SIAU) de qualsevol responsabilitat sobre aquest tema. Les persones usu\u00e0ries garanteixen i responen, en qualsevol cas, de l&#8217;exactitud, vig\u00e8ncia i autenticitat de les dades personals facilitades, i es comprometen a mantenir-les degudament actualitzades. La persona usu\u00e0ria accepta proporcionar informaci\u00f3 completa i correcta en el formulari de registre o subscripci\u00f3. Sindicat Independent, Aut\u00f2nom i Unitari (SIAU) no respon de la veracitat de les informacions que no siguin d&#8217;elaboraci\u00f3 pr\u00f2pia i de les quals s&#8217;indiqui una altra font, per la qual cosa tampoc assumeix cap responsabilitat quant a hipot\u00e8tics perjudicis que poguessin originar-se per l&#8217;\u00fas d&#8217;aquesta informaci\u00f3. S&#8217;exonera a Sindicat Independent, Aut\u00f2nom i Unitari (SIAU) de responsabilitat davant qualsevol dany o perjudici que pogu\u00e9s sofrir la persona usu\u00e0ria com a conseq\u00fc\u00e8ncia d&#8217;errors, defectes o omissions, en la informaci\u00f3 facilitada per Sindicat Independent, Aut\u00f2nom i Unitari (SIAU) sempre que procedeixi de fonts alienes a Sindicat Independent, Aut\u00f2nom i Unitari (SIAU).<\/p>\n\n\n\n<p><strong>8. Compartir informaci\u00f3 amb tercers<\/strong><\/p>\n\n\n\n<p class=\"has-text-align-justify\">Com ja s&#8217;ha establert en els punts anteriors, Sindicat Independent, Aut\u00f2nom i Unitari (SIAU) no facilitar\u00e0 les dades de les persones usu\u00e0ries a tercers. En cas que volgu\u00e9s fer-ho, se te n\u2019informar\u00e0 pr\u00e8viament i se te\u2019n sol\u00b7licitar\u00e0 el consentiment.<\/p>\n\n\n\n<p class=\"has-text-align-justify\">Com s\u2019ha informat al punt cinqu\u00e8, nom\u00e9s per a les gestions derivades del cobrament de les quotes sindicals es compartiran les teves dades amb l\u2019entitat banc\u00e0ria corresponent.<\/p>\n\n\n\n<p><strong>9. Consentiment inequ\u00edvoc per al tractament de les teves dades personals<\/strong><\/p>\n\n\n\n<p class=\"has-text-align-justify\">En compliment del que exigeix el Reglament Europeu de Protecci\u00f3 de Dades 679\/2016 i atenent al que estableixen les nostres pol\u00edtiques internes, cada vegada que com a usu\u00e0ria o usuari ens facis arribar o envi\u00efs dades personals haur\u00e0s de donar el teu consentiment expr\u00e9s fent clic a la casella o enlla\u00e7 que apareix a cada formulari on es recullen les teves dades.<\/p>\n\n\n\n<p class=\"has-text-align-justify\">Igualment, quan ens escriguis a algun dels nostres correus electr\u00f2nics de contacte o a qualsevol altre d\u2019habilitat per a funcionalitats concretes dins el web, estar\u00e0s acceptant expressament que puguem demanar les teves dades per a la finalitat o petici\u00f3 que ens hagis indicat.<\/p>\n\n\n\n<p class=\"has-text-align-justify\">Amb aquesta\/es acci\u00f3\/accions i mitjan\u00e7ant els canals i formularis ja esmentats ens est\u00e0s manifestant de manera lliure i inequ\u00edvoca que est\u00e0s d&#8217;acord que Sindicat Independent, Aut\u00f2nom i Unitari (SIAU) tracti les teves dades segons les finalitats esmentades als apartats anteriors.<\/p>\n\n\n\n<p class=\"has-text-align-justify\">Les persones usu\u00e0ries (afiliades o no) han de garantir que les dades personals facilitades al sindicat s\u00f3n veraces i es fan responsables de comunicar-ne qualsevol modificaci\u00f3.<\/p>\n\n\n\n<p class=\"has-text-align-justify\">D&#8217;acord amb el que disposa la legislaci\u00f3 vigent, l&#8217;acceptaci\u00f3 de les persones usu\u00e0ries que les seves dades siguin tractades amb les finalitats referides en aquesta pol\u00edtica t\u00e9 sempre car\u00e0cter revocable, sense efectes retroactius.<\/p>\n\n\n\n<p><strong>10. Sobre els drets d\u2019acc\u00e9s, rectificaci\u00f3, cancel\u00b7laci\u00f3, oposici\u00f3 i oblit<\/strong><\/p>\n\n\n\n<p class=\"has-text-align-justify\">El Reglament Europeu de Protecci\u00f3 de Dades 679\/2016 obliga a implementar un seguit de garanties jur\u00eddiques que permeten a la usu\u00e0ria o usuari exercir els seus drets i accions relacionats amb el tractament de les seves dades.<\/p>\n\n\n\n<p class=\"has-text-align-justify\">Sindicat Independent, Aut\u00f2nom i Unitari (SIAU) t\u2019ofereix la garantia legal de l\u2019aplicaci\u00f3 d\u2019aquests drets, de manera que, en qualsevol moment i\/o quan aix\u00ed ho consideris convenient, podr\u00e0s fer \u00fas dels teus drets d&#8217;acc\u00e9s, rectificaci\u00f3, cancel\u00b7laci\u00f3, oposici\u00f3, o oblit escrivint al correu electr\u00f2nic de contacte (<em>siau@siau.cat<\/em>) o enviant una carta dirigida a Sindicat Independent, Aut\u00f2nom i Unitari (SIAU) a l\u2019adre\u00e7a esmentada m\u00e9s amunt (carrer del Ter, 27, 1a planta esquerra, oficina 8-9, 07009 &#8211; Palma, Illes Balears).<\/p>\n\n\n\n<p class=\"has-text-align-justify\">En tots els casos, haur\u00e0s d\u2019adjuntar c\u00f2pia del teu passaport, DNI o NIE (titular de les dades) indicant a l&#8217;assumpte de manera expressa la petici\u00f3 que desitges realitzar: acc\u00e9s, rectificaci\u00f3, cancel\u00b7laci\u00f3, oposici\u00f3 o oblit.<\/p>\n\n\n\n<p class=\"has-text-align-justify\">No obstant aix\u00f2, \u00e9s important que com a persona usu\u00e0ria tinguis en compte que la informaci\u00f3 que ja hagis compartit anteriorment amb altres usu\u00e0ries o usuaris per altres vies podria continuar sent visible i que el sindicat s&#8217;exonera de qualsevol responsabilitat en relaci\u00f3 amb l&#8217;eliminaci\u00f3 d&#8217;aquesta informaci\u00f3.<\/p>\n\n\n\n<p class=\"has-text-align-justify\">De la mateixa manera, Sindicat Independent, Aut\u00f2nom i Unitari (SIAU) no controla el sistema de renovaci\u00f3 dels mecanismes de recerca de tercers, de manera que en aquests mecanismes hi pot haver certa informaci\u00f3 del perfil p\u00fablic que ja hagi estat cancel\u00b7lada pel sindicat per\u00f2 que encara consti a Internet perqu\u00e8 ha estat redifosa. En aquest cas, recomanem que et dirigeixis als responsables d&#8217;aquestes plataformes per sol\u00b7licitar la cancel\u00b7laci\u00f3 o l&#8217;exercici del dret a l&#8217;oblit.<\/p>\n\n\n\n<p><strong>En qu\u00e8 consisteix cada dret?<\/strong><\/p>\n\n\n\n<ul class=\"wp-block-list\">\n<li><strong>Acc\u00e9s<\/strong>: Exercint aquest dret, pots con\u00e8ixer les dades de car\u00e0cter personal que el Sindicat est\u00e0 tractant, la seva finalitat, l&#8217;origen o la seva possible transfer\u00e8ncia a tercers.<\/li>\n\n\n\n<li><strong>Rectificaci\u00f3: <\/strong>Consisteix a garantir que puguis modificar les teves dades de car\u00e0cter personal inexactes o incompletes, havent d&#8217;especificar a la sol\u00b7licitud quines dades vols modificar.<\/li>\n\n\n\n<li><strong>Cancel\u00b7laci\u00f3:<\/strong> Permet la cancel\u00b7laci\u00f3 de les teves dades personals per inadequades o excessives.<\/li>\n\n\n\n<li><strong>Oposici\u00f3:<\/strong> Amb aquest dret pots oposar-te que es tractin les teves dades en sup\u00f2sits en qu\u00e8 s\u2019hagi donat el consentiment o quan aquest tractament tingui com a fi l&#8217;adopci\u00f3 d&#8217;una decisi\u00f3 referida a les teves dades personals basada \u00fanicament en el seu tractament automatitzat.<\/li>\n\n\n\n<li><strong>Supressi\u00f3 o oblit:<\/strong> Podr\u00e0s sol\u00b7licitar la supressi\u00f3 de les dades personals sense dilaci\u00f3 innecess\u00e0ria quan es doni algun dels sup\u00f2sits contemplats. Per exemple, quan s\u2019hagi produ\u00eft un tractament il\u00b7l\u00edcit de dades o quan hagi desaparegut la finalitat que en va motivar el tractament o la recollida.<\/li>\n<\/ul>\n\n\n\n<p><\/p>\n\n\n\n<p><strong>11. Mesures de seguretat en la recollida de dades<\/strong><\/p>\n\n\n\n<p class=\"has-text-align-justify\">Per garantir la seguretat del nostre web i de les bases de dades de Sindicat Independent, Aut\u00f2nom i Unitari (SIAU) hem integrat un sistema de seguretat que ens permet mantenir la confidencialitat i la integritat de les dades de les nostres persones usu\u00e0ries que hagin estat remeses o recollides a trav\u00e9s dels mitjans esmentats al punt 4.<\/p>\n\n\n\n<p class=\"has-text-align-justify\">D&#8217;aquesta manera, Sindicat Independent, Aut\u00f2nom i Unitari (SIAU) mant\u00e9 els nivells de seguretat de protecci\u00f3 de les teves dades requerides pel Reglament Europeu de Protecci\u00f3 de Dades 679\/2016, de 27 d&#8217;abril, i ha disposat tots els mitjans t\u00e8cnics al seu abast per evitar la p\u00e8rdua, mal \u00fas, alteraci\u00f3, acc\u00e9s no autoritzat i robatori de les dades que la usu\u00e0ria o usuari faciliti a trav\u00e9s dels diferents mitjans especificats al punt 4.<\/p>\n\n\n\n<p class=\"has-text-align-justify\">Tamb\u00e9, en qualitat d\u2019usu\u00e0ria o usuari del nostre web i els diferents mitjans utilitzats, entens, acceptes i comprens que les mesures de seguretat a Internet no s\u00f3n inexpugnables i que, per tant, ens obliga a adoptar les mesures de seguretat necess\u00e0ries que et permetin confiar en la veracitat i seguretat del web i els formularis en qu\u00e8 est\u00e0s introduint les teves dades. Nosaltres tamb\u00e9 farem el possible per garantir en tot moment la privadesa i seguretat de les teves dades d&#8217;identificaci\u00f3, fent \u00fas sempre de la m\u00e0xima dilig\u00e8ncia i implementant les mesures que siguin necess\u00e0ries.<\/p>\n\n\n\n<p class=\"has-text-align-justify\">La usu\u00e0ria o usuari \u00e9s responsable de les mesures de seguretat que implementi amb relaci\u00f3 a la protecci\u00f3 de les seves dades, amb la qual cosa Sindicat Independent, Aut\u00f2nom i Unitari (SIAU) no es fa responsable de les situacions en qu\u00e8 la usu\u00e0ria o usuari no hagi implantat les mesures de seguretat que corresponguin, ni de les seves conseq\u00fc\u00e8ncies. Tampoc no se\u2019n fa de les causes o danys provocats per tercers aliens a l&#8217;entitat, incloent-hi casos fortu\u00efts i\/o de for\u00e7a major.<\/p>\n\n\n\n<p class=\"has-text-align-justify\">D&#8217;acord amb el que s\u2019ha establert abans, el sindicat no pot garantir que tercers no autoritzats puguin tenir coneixement de la classe, condicions, caracter\u00edstiques i circumst\u00e0ncies de l&#8217;\u00fas que la usu\u00e0ria o usuari faci dels serveis oferts al lloc web. No obstant aix\u00f2, com a mesura, s\u00ed que s&#8217;han disposat les condicions d&#8217;\u00fas descrites a l\u2019apartat 6.<\/p>\n\n\n\n<p><strong>12. Pol\u00edtica de les xarxes socials<\/strong><\/p>\n\n\n\n<p class=\"has-text-align-justify\">Sindicat Independent, Aut\u00f2nom i Unitari (SIAU) disposa de diversos perfils corporatius a diferents xarxes socials (TikTok, Instagram, Twitter, Facebook&#8230;).<\/p>\n\n\n\n<p class=\"has-text-align-justify\">Aix\u00ed, en virtut del que disposa el Reglament (UE) 2016\/679 de 27 d&#8217;abril del 2016, el Sindicat \u00e9s &#8220;responsable del tractament de les teves dades&#8221; amb motiu de l&#8217;exist\u00e8ncia d&#8217;aquests perfils a les xarxes socials i el fet que ens segueixis o et puguem seguir.<\/p>\n\n\n\n<p class=\"has-text-align-justify\">Aix\u00f2 significa que, si decideixes incorporar el teu perfil com a seguidora o seguidor o clicar sobre un &#8220;m&#8217;agrada&#8221; (like) als nostres continguts o perfils, acceptes la present pol\u00edtica de privadesa, on t\u2019expliquem els teus drets i com fem servir les teves dades.<\/p>\n\n\n\n<p class=\"has-text-align-justify\">En qualitat de responsable del tractament de les teves dades, garantim la confidencialitat en el tractament i el compliment dels teus drets, tot sempre sota els efectes del reglament abans esmentat.<\/p>\n\n\n\n<p class=\"has-text-align-justify\">D&#8217;altra banda, t&#8217;informem que utilitzarem aquestes xarxes socials per anunciar les not\u00edcies o informaci\u00f3 rellevants relacionades amb els projectes que realitzem, activitats que organitza Sindicat Independent, Aut\u00f2nom i Unitari (SIAU), o b\u00e9 on hi participa, o b\u00e9 s\u00f3n temes que considerem que poden ser del teu inter\u00e8s amb relaci\u00f3 a activitats del sindicat o condicions laborals. Emprant les funcionalitats d&#8217;aquestes plataformes, \u00e9s possible que al teu mur o perfil vegis publicades not\u00edcies amb aquest tipus d&#8217;informaci\u00f3.<\/p>\n\n\n\n<p class=\"has-text-align-justify\">Ara b\u00e9, tamb\u00e9 et fem saber que no hi ha cap vincle entre Sindicat Independent, Aut\u00f2nom i Unitari (SIAU) i aquestes plataformes o xarxes socials, de manera que haur\u00e0s d\u2019acceptar la seva pol\u00edtica d&#8217;\u00fas i condicions un cop hi accedeixis i\/o en validis els avisos, termes i condicions en el procediment de registre. Aix\u00ed, el sindicat no ser\u00e0 mai responsable de l&#8217;\u00fas o tractament de les dades que es facin fora de l&#8217;estricta relaci\u00f3 i prestaci\u00f3 de serveis indicades en aquesta pol\u00edtica.<\/p>\n\n\n\n<p><strong>13. Modificaci\u00f3 de la present pol\u00edtica de privadesa<\/strong><\/p>\n\n\n\n<p class=\"has-text-align-justify\">Sindicat Independent, Aut\u00f2nom i Unitari (SIAU) es reserva el dret a modificar la present pol\u00edtica per adaptar-la a futures novetats legislatives o jurisprudencials, aix\u00ed com a futurs usos que pogu\u00e9s realitzar de les dades personals de les usu\u00e0ries o usuaris del web i dels serveis del sindicat.<\/p>\n\n\n\n<p class=\"has-text-align-justify\">En cas que aquesta modificaci\u00f3 afect\u00e9s el tractament de les teves dades perqu\u00e8, per exemple, se\u2019n pretengui realitzar algun tractament addicional no informat pr\u00e8viament, procedir\u00edem a assabentar-te d\u2019aquesta realitat. En tot cas, es recomana a la usu\u00e0ria o usuari que procedeixi a la lectura peri\u00f2dica de la nostra pol\u00edtica de privadesa.<\/p>\n","protected":false},"excerpt":{"rendered":"<p>Sindicat Independent, Aut\u00f2nom i Unitari (SIAU) vol oferir-te seguretat i confian\u00e7a amb relaci\u00f3 al tractament de les teves dades personals. Per aix\u00f2 hem implementat la present pol\u00edtica de privadesa, que compleix amb els par\u00e0metres i mesures de seguretat, tant t\u00e8cniques com organitzatives, recollides al Reglament Europeu 679\/2016, de 27 d\u2019abril, relatiu a la protecci\u00f3 de &hellip; <\/p>\n<p class=\"link-more\"><a href=\"https:\/\/www.siau.cat\/index.php\/blog\/politicadeprivadesa\/\" class=\"more-link\">Continua llegint <span class=\"screen-reader-text\">\u00abPol\u00edtica de privadesa\u00bb<\/span><\/a><\/p>\n","protected":false},"author":1,"featured_media":0,"parent":8,"menu_order":-1,"comment_status":"closed","ping_status":"open","template":"","meta":{"footnotes":""},"class_list":["post-3","page","type-page","status-publish","hentry"],"yoast_head":"<!-- This site is optimized with the Yoast SEO plugin v25.4 - https:\/\/yoast.com\/wordpress\/plugins\/seo\/ -->\n<title>Pol\u00edtica de privadesa &#8212; SIAU - SINDICAT INDEPENDENT, AUT\u00d2NOM I UNITARI<\/title>\n<meta name=\"robots\" content=\"index, follow, max-snippet:-1, max-image-preview:large, max-video-preview:-1\" \/>\n<link rel=\"canonical\" href=\"https:\/\/www.siau.cat\/index.php\/blog\/politicadeprivadesa\/\" \/>\n<meta property=\"og:locale\" content=\"ca_ES\" \/>\n<meta property=\"og:type\" content=\"article\" \/>\n<meta property=\"og:title\" content=\"Pol\u00edtica de privadesa &#8212; SIAU - SINDICAT INDEPENDENT, AUT\u00d2NOM I UNITARI\" \/>\n<meta property=\"og:description\" content=\"Sindicat Independent, Aut\u00f2nom i Unitari (SIAU) vol oferir-te seguretat i confian\u00e7a amb relaci\u00f3 al tractament de les teves dades personals. Per aix\u00f2 hem implementat la present pol\u00edtica de privadesa, que compleix amb els par\u00e0metres i mesures de seguretat, tant t\u00e8cniques com organitzatives, recollides al Reglament Europeu 679\/2016, de 27 d\u2019abril, relatiu a la protecci\u00f3 de &hellip; Continua llegint \u00abPol\u00edtica de privadesa\u00bb\" \/>\n<meta property=\"og:url\" content=\"https:\/\/www.siau.cat\/index.php\/blog\/politicadeprivadesa\/\" \/>\n<meta property=\"og:site_name\" content=\"SIAU - SINDICAT INDEPENDENT, AUT\u00d2NOM I UNITARI\" \/>\n<meta property=\"article:modified_time\" content=\"2023-09-22T11:06:12+00:00\" \/>\n<meta name=\"twitter:card\" content=\"summary_large_image\" \/>\n<meta name=\"twitter:label1\" content=\"Temps estimat de lectura\" \/>\n\t<meta name=\"twitter:data1\" content=\"19 minuts\" \/>\n<script type=\"application\/ld+json\" class=\"yoast-schema-graph\">{\"@context\":\"https:\/\/schema.org\",\"@graph\":[{\"@type\":\"WebPage\",\"@id\":\"https:\/\/www.siau.cat\/index.php\/blog\/politicadeprivadesa\/\",\"url\":\"https:\/\/www.siau.cat\/index.php\/blog\/politicadeprivadesa\/\",\"name\":\"Pol\u00edtica de privadesa &#8212; SIAU - SINDICAT INDEPENDENT, AUT\u00d2NOM I UNITARI\",\"isPartOf\":{\"@id\":\"https:\/\/www.siau.cat\/#website\"},\"datePublished\":\"2022-03-19T17:13:51+00:00\",\"dateModified\":\"2023-09-22T11:06:12+00:00\",\"breadcrumb\":{\"@id\":\"https:\/\/www.siau.cat\/index.php\/blog\/politicadeprivadesa\/#breadcrumb\"},\"inLanguage\":\"ca\",\"potentialAction\":[{\"@type\":\"ReadAction\",\"target\":[\"https:\/\/www.siau.cat\/index.php\/blog\/politicadeprivadesa\/\"]}]},{\"@type\":\"BreadcrumbList\",\"@id\":\"https:\/\/www.siau.cat\/index.php\/blog\/politicadeprivadesa\/#breadcrumb\",\"itemListElement\":[{\"@type\":\"ListItem\",\"position\":1,\"name\":\"Inici\",\"item\":\"https:\/\/www.siau.cat\/\"},{\"@type\":\"ListItem\",\"position\":2,\"name\":\"Blog\",\"item\":\"https:\/\/www.siau.cat\/index.php\/blog\/\"},{\"@type\":\"ListItem\",\"position\":3,\"name\":\"Pol\u00edtica de privadesa\"}]},{\"@type\":\"WebSite\",\"@id\":\"https:\/\/www.siau.cat\/#website\",\"url\":\"https:\/\/www.siau.cat\/\",\"name\":\"SIAU - SINDICAT INDEPENDENT, AUT\u00d2NOM I UNITARI\",\"description\":\"Ara s&iacute; que tenim la veu\",\"publisher\":{\"@id\":\"https:\/\/www.siau.cat\/#organization\"},\"potentialAction\":[{\"@type\":\"SearchAction\",\"target\":{\"@type\":\"EntryPoint\",\"urlTemplate\":\"https:\/\/www.siau.cat\/?s={search_term_string}\"},\"query-input\":{\"@type\":\"PropertyValueSpecification\",\"valueRequired\":true,\"valueName\":\"search_term_string\"}}],\"inLanguage\":\"ca\"},{\"@type\":\"Organization\",\"@id\":\"https:\/\/www.siau.cat\/#organization\",\"name\":\"SIAU\",\"url\":\"https:\/\/www.siau.cat\/\",\"logo\":{\"@type\":\"ImageObject\",\"inLanguage\":\"ca\",\"@id\":\"https:\/\/www.siau.cat\/#\/schema\/logo\/image\/\",\"url\":\"https:\/\/www.siau.cat\/wp-content\/uploads\/2022\/03\/cropped-resized_LOGO-SIAU-5-e1652020847972.jpg\",\"contentUrl\":\"https:\/\/www.siau.cat\/wp-content\/uploads\/2022\/03\/cropped-resized_LOGO-SIAU-5-e1652020847972.jpg\",\"width\":1600,\"height\":1200,\"caption\":\"SIAU\"},\"image\":{\"@id\":\"https:\/\/www.siau.cat\/#\/schema\/logo\/image\/\"}}]}<\/script>\n<!-- \/ Yoast SEO plugin. -->","yoast_head_json":{"title":"Pol\u00edtica de privadesa &#8212; SIAU - SINDICAT INDEPENDENT, AUT\u00d2NOM I UNITARI","robots":{"index":"index","follow":"follow","max-snippet":"max-snippet:-1","max-image-preview":"max-image-preview:large","max-video-preview":"max-video-preview:-1"},"canonical":"https:\/\/www.siau.cat\/index.php\/blog\/politicadeprivadesa\/","og_locale":"ca_ES","og_type":"article","og_title":"Pol\u00edtica de privadesa &#8212; SIAU - SINDICAT INDEPENDENT, AUT\u00d2NOM I UNITARI","og_description":"Sindicat Independent, Aut\u00f2nom i Unitari (SIAU) vol oferir-te seguretat i confian\u00e7a amb relaci\u00f3 al tractament de les teves dades personals. Per aix\u00f2 hem implementat la present pol\u00edtica de privadesa, que compleix amb els par\u00e0metres i mesures de seguretat, tant t\u00e8cniques com organitzatives, recollides al Reglament Europeu 679\/2016, de 27 d\u2019abril, relatiu a la protecci\u00f3 de &hellip; Continua llegint \u00abPol\u00edtica de privadesa\u00bb","og_url":"https:\/\/www.siau.cat\/index.php\/blog\/politicadeprivadesa\/","og_site_name":"SIAU - SINDICAT INDEPENDENT, AUT\u00d2NOM I UNITARI","article_modified_time":"2023-09-22T11:06:12+00:00","twitter_card":"summary_large_image","twitter_misc":{"Temps estimat de lectura":"19 minuts"},"schema":{"@context":"https:\/\/schema.org","@graph":[{"@type":"WebPage","@id":"https:\/\/www.siau.cat\/index.php\/blog\/politicadeprivadesa\/","url":"https:\/\/www.siau.cat\/index.php\/blog\/politicadeprivadesa\/","name":"Pol\u00edtica de privadesa &#8212; SIAU - SINDICAT INDEPENDENT, AUT\u00d2NOM I UNITARI","isPartOf":{"@id":"https:\/\/www.siau.cat\/#website"},"datePublished":"2022-03-19T17:13:51+00:00","dateModified":"2023-09-22T11:06:12+00:00","breadcrumb":{"@id":"https:\/\/www.siau.cat\/index.php\/blog\/politicadeprivadesa\/#breadcrumb"},"inLanguage":"ca","potentialAction":[{"@type":"ReadAction","target":["https:\/\/www.siau.cat\/index.php\/blog\/politicadeprivadesa\/"]}]},{"@type":"BreadcrumbList","@id":"https:\/\/www.siau.cat\/index.php\/blog\/politicadeprivadesa\/#breadcrumb","itemListElement":[{"@type":"ListItem","position":1,"name":"Inici","item":"https:\/\/www.siau.cat\/"},{"@type":"ListItem","position":2,"name":"Blog","item":"https:\/\/www.siau.cat\/index.php\/blog\/"},{"@type":"ListItem","position":3,"name":"Pol\u00edtica de privadesa"}]},{"@type":"WebSite","@id":"https:\/\/www.siau.cat\/#website","url":"https:\/\/www.siau.cat\/","name":"SIAU - SINDICAT INDEPENDENT, AUT\u00d2NOM I UNITARI","description":"Ara s&iacute; que tenim la veu","publisher":{"@id":"https:\/\/www.siau.cat\/#organization"},"potentialAction":[{"@type":"SearchAction","target":{"@type":"EntryPoint","urlTemplate":"https:\/\/www.siau.cat\/?s={search_term_string}"},"query-input":{"@type":"PropertyValueSpecification","valueRequired":true,"valueName":"search_term_string"}}],"inLanguage":"ca"},{"@type":"Organization","@id":"https:\/\/www.siau.cat\/#organization","name":"SIAU","url":"https:\/\/www.siau.cat\/","logo":{"@type":"ImageObject","inLanguage":"ca","@id":"https:\/\/www.siau.cat\/#\/schema\/logo\/image\/","url":"https:\/\/www.siau.cat\/wp-content\/uploads\/2022\/03\/cropped-resized_LOGO-SIAU-5-e1652020847972.jpg","contentUrl":"https:\/\/www.siau.cat\/wp-content\/uploads\/2022\/03\/cropped-resized_LOGO-SIAU-5-e1652020847972.jpg","width":1600,"height":1200,"caption":"SIAU"},"image":{"@id":"https:\/\/www.siau.cat\/#\/schema\/logo\/image\/"}}]}},"jetpack_sharing_enabled":true,"_links":{"self":[{"href":"https:\/\/www.siau.cat\/index.php\/wp-json\/wp\/v2\/pages\/3","targetHints":{"allow":["GET"]}}],"collection":[{"href":"https:\/\/www.siau.cat\/index.php\/wp-json\/wp\/v2\/pages"}],"about":[{"href":"https:\/\/www.siau.cat\/index.php\/wp-json\/wp\/v2\/types\/page"}],"author":[{"embeddable":true,"href":"https:\/\/www.siau.cat\/index.php\/wp-json\/wp\/v2\/users\/1"}],"replies":[{"embeddable":true,"href":"https:\/\/www.siau.cat\/index.php\/wp-json\/wp\/v2\/comments?post=3"}],"version-history":[{"count":6,"href":"https:\/\/www.siau.cat\/index.php\/wp-json\/wp\/v2\/pages\/3\/revisions"}],"predecessor-version":[{"id":993,"href":"https:\/\/www.siau.cat\/index.php\/wp-json\/wp\/v2\/pages\/3\/revisions\/993"}],"up":[{"embeddable":true,"href":"https:\/\/www.siau.cat\/index.php\/wp-json\/wp\/v2\/pages\/8"}],"wp:attachment":[{"href":"https:\/\/www.siau.cat\/index.php\/wp-json\/wp\/v2\/media?parent=3"}],"curies":[{"name":"wp","href":"https:\/\/api.w.org\/{rel}","templated":true}]}}